{"total":"84","results":{"dkan_dataset\/065a3e41-19a6-41d6-a9f2-035eabda3638":{"@type":"dcat:Dataset","title":"Inventario de Bienes Muebles Hist\u00f3ricos","identifier":"065a3e41-19a6-41d6-a9f2-035eabda3638","description":"Con ubicaci\u00f3n, concepto, e importe.","accessLevel":"public","accrualPeriodicity":"R\/PT1S","issued":"2023-05-09T19:00:00+00:00","modified":"2023-05-09T19:00:00+00:00","license":"https:\/\/creativecommons.org\/licenses\/by\/4.0\/","publisher":{"@type":"org:Organization","name":"Ayuntamiento de C\u00e1diz"},"contactPoint":{"fn":"Delegaci\u00f3n de Patrimonio","hasEmail":"patrimonio.ayuntamiento@cadiz.es"},"theme":["Sector P\u00fablico"],"keyword":["patrimonio","bienes muebles"],"distribution":[{"@type":"dcat:Distribution","format":"xlsx","downloadURL":"https:\/\/datos.cadiz.es\/sites\/default\/files\/uploaded_resources\/bienes-muebles-historicos-v1.0.0.xls","%Ref:downloadURL":[{"identifier":"5edd41aa2c7cdd99353ff6f12615e94e__1683663104__source","data":{"filePath":"https:\/\/h-o.st\/sites\/default\/files\/uploaded_resources\/bienes-muebles-historicos-v1.0.0.xls","identifier":"5edd41aa2c7cdd99353ff6f12615e94e","mimeType":"application\/vnd.ms-excel","perspective":"source","version":"1683663104","checksum":null}}]},{"@type":"dcat:Distribution","format":"csv","downloadURL":"https:\/\/datos.cadiz.es\/sites\/default\/files\/uploaded_resources\/bienes-muebles-historicos-v1.0.0.csv","%Ref:downloadURL":[{"identifier":"8e255a8c8a4bb911ed6ccef24167a3d0__1683663104__source","data":{"filePath":"https:\/\/h-o.st\/sites\/default\/files\/uploaded_resources\/bienes-muebles-historicos-v1.0.0.csv","identifier":"8e255a8c8a4bb911ed6ccef24167a3d0","mimeType":"text\/csv","perspective":"source","version":"1683663104","checksum":null}}]}],"%Ref:theme":[{"identifier":"3d7cc48a-eb59-5b96-a8c4-c431d9d81a78","data":"Sector P\u00fablico"}],"%Ref:keyword":[{"identifier":"8edaded4-fc63-5f28-8eed-26484e4ea628","data":"patrimonio"},{"identifier":"34870b9a-81d9-5541-bc5b-ffa2ca847318","data":"bienes muebles"}],"%Ref:publisher":{"identifier":"32a43a6b-f1e5-5991-ae51-e807b7d7c66e","data":{"@type":"org:Organization","name":"Ayuntamiento de C\u00e1diz"}},"%Ref:distribution":[{"identifier":"c0358993-9ca0-5a3f-ace2-67c83d6f5e2a","data":{"@type":"dcat:Distribution","format":"xlsx","downloadURL":"https:\/\/datos.cadiz.es\/sites\/default\/files\/uploaded_resources\/bienes-muebles-historicos-v1.0.0.xls","%Ref:downloadURL":[{"identifier":"5edd41aa2c7cdd99353ff6f12615e94e__1683663104__source","data":{"filePath":"https:\/\/h-o.st\/sites\/default\/files\/uploaded_resources\/bienes-muebles-historicos-v1.0.0.xls","identifier":"5edd41aa2c7cdd99353ff6f12615e94e","mimeType":"application\/vnd.ms-excel","perspective":"source","version":"1683663104","checksum":null}}]}},{"identifier":"5e0c8e03-a021-50c2-836c-ddd49e95ab02","data":{"@type":"dcat:Distribution","format":"csv","downloadURL":"https:\/\/datos.cadiz.es\/sites\/default\/files\/uploaded_resources\/bienes-muebles-historicos-v1.0.0.csv","%Ref:downloadURL":[{"identifier":"8e255a8c8a4bb911ed6ccef24167a3d0__1683663104__source","data":{"filePath":"https:\/\/h-o.st\/sites\/default\/files\/uploaded_resources\/bienes-muebles-historicos-v1.0.0.csv","identifier":"8e255a8c8a4bb911ed6ccef24167a3d0","mimeType":"text\/csv","perspective":"source","version":"1683663104","checksum":null}}]}}],"%modified":"2023-05-09T22:11:44+0200"},"dkan_dataset\/0a2cb574-bab1-4fb1-9bcb-24610b2ac84a":{"@type":"dcat:Dataset","title":"Bajas residenciales por grupos de edad","identifier":"0a2cb574-bab1-4fb1-9bcb-24610b2ac84a","description":"Bajas residenciales por grupos de edad del 2011 al 2021.","accessLevel":"public","accrualPeriodicity":"R\/P1Y","issued":"2022-06-29T09:30:00+00:00","modified":"2022-06-29T09:30:00+00:00","license":"https:\/\/creativecommons.org\/licenses\/by\/4.0\/","publisher":{"@type":"org:Organization","name":"Ayuntamiento de C\u00e1diz"},"contactPoint":{"fn":"Ayuntamiento de C\u00e1diz","hasEmail":"atencion.ciudadano@cadiz.es"},"theme":["Demograf\u00eda"],"keyword":["poblaci\u00f3n"],"distribution":[{"@type":"dcat:Distribution","format":"csv","downloadURL":"https:\/\/datos.cadiz.es\/sites\/default\/files\/uploaded_resources\/bajas-residenciales-por-grupos-de-edad-v1.0.0.csv","%Ref:downloadURL":[{"identifier":"da91b32f39d6fafbd81ec4793a7209d8__1656068545__source","data":{"filePath":"https:\/\/h-o.st\/sites\/default\/files\/uploaded_resources\/bajas-residenciales-por-grupos-de-edad-v1.0.0.csv","identifier":"da91b32f39d6fafbd81ec4793a7209d8","mimeType":"text\/csv","perspective":"source","version":"1656068545","checksum":null}}]},{"@type":"dcat:Distribution","format":"xlsx","downloadURL":"https:\/\/datos.cadiz.es\/sites\/default\/files\/uploaded_resources\/bajas-residenciales-por-grupos-de-edad-v1.0.0.xlsx","%Ref:downloadURL":[{"identifier":"1d51331322bd310f26eddd0dd2437b21__1656068545__source","data":{"filePath":"https:\/\/h-o.st\/sites\/default\/files\/uploaded_resources\/bajas-residenciales-por-grupos-de-edad-v1.0.0.xlsx","identifier":"1d51331322bd310f26eddd0dd2437b21","mimeType":"application\/vnd.openxmlformats-officedocument.spreadsheetml.sheet","perspective":"source","version":"1656068545","checksum":null}}]}],"%Ref:theme":[{"identifier":"43fd696e-a77e-5b81-b395-cd31db5d3903","data":"Demograf\u00eda"}],"%Ref:keyword":[{"identifier":"76597a20-f8ee-57f0-85b8-3679e6a8faf2","data":"poblaci\u00f3n"}],"%Ref:publisher":{"identifier":"32a43a6b-f1e5-5991-ae51-e807b7d7c66e","data":{"@type":"org:Organization","name":"Ayuntamiento de C\u00e1diz"}},"%Ref:distribution":[{"identifier":"5bfb82cd-eea1-5a81-8b76-b67efb6f246c","data":{"@type":"dcat:Distribution","format":"csv","downloadURL":"https:\/\/datos.cadiz.es\/sites\/default\/files\/uploaded_resources\/bajas-residenciales-por-grupos-de-edad-v1.0.0.csv","%Ref:downloadURL":[{"identifier":"da91b32f39d6fafbd81ec4793a7209d8__1656068545__source","data":{"filePath":"https:\/\/h-o.st\/sites\/default\/files\/uploaded_resources\/bajas-residenciales-por-grupos-de-edad-v1.0.0.csv","identifier":"da91b32f39d6fafbd81ec4793a7209d8","mimeType":"text\/csv","perspective":"source","version":"1656068545","checksum":null}}]}},{"identifier":"acd8c45c-85df-5263-b08f-db54c5cb9689","data":{"@type":"dcat:Distribution","format":"xlsx","downloadURL":"https:\/\/datos.cadiz.es\/sites\/default\/files\/uploaded_resources\/bajas-residenciales-por-grupos-de-edad-v1.0.0.xlsx","%Ref:downloadURL":[{"identifier":"1d51331322bd310f26eddd0dd2437b21__1656068545__source","data":{"filePath":"https:\/\/h-o.st\/sites\/default\/files\/uploaded_resources\/bajas-residenciales-por-grupos-de-edad-v1.0.0.xlsx","identifier":"1d51331322bd310f26eddd0dd2437b21","mimeType":"application\/vnd.openxmlformats-officedocument.spreadsheetml.sheet","perspective":"source","version":"1656068545","checksum":null}}]}}],"%modified":"2022-06-24T13:02:24+0200"},"dkan_dataset\/0a83b8f1-d0d0-42e5-94cc-be1cfeb14554":{"@type":"dcat:Dataset","title":"Datos agregados de los bienes bonificados o exentos de IBI en funci\u00f3n de la causa de la misma","identifier":"0a83b8f1-d0d0-42e5-94cc-be1cfeb14554","description":"Importe y n\u00famero de recibos en funci\u00f3n de la causa de exenci\u00f3n o bonificaci\u00f3n del IBI.","accessLevel":"public","accrualPeriodicity":"R\/P1Y","issued":"2022-11-04T12:20:00+00:00","modified":"2022-11-04T12:20:00+00:00","license":"https:\/\/creativecommons.org\/licenses\/by\/4.0\/","publisher":{"@type":"org:Organization","name":"Ayuntamiento de C\u00e1diz"},"contactPoint":{"fn":"Ayuntamiento de C\u00e1diz","hasEmail":"atencion.ciudadano@cadiz.es"},"theme":["Sector P\u00fablico"],"keyword":["econom\u00eda","2022","IBI"],"distribution":[{"@type":"dcat:Distribution","format":"xlsx","downloadURL":"https:\/\/datos.cadiz.es\/sites\/default\/files\/uploaded_resources\/exenciones-ibi-agregadas-por-motivo-v1.0.0.xlsx","%Ref:downloadURL":[{"identifier":"890a1d44c9044267f1583d705346b7cc__1667565537__source","data":{"filePath":"https:\/\/h-o.st\/sites\/default\/files\/uploaded_resources\/exenciones-ibi-agregadas-por-motivo-v1.0.0.xlsx","identifier":"890a1d44c9044267f1583d705346b7cc","mimeType":"application\/vnd.openxmlformats-officedocument.spreadsheetml.sheet","perspective":"source","version":"1667565537","checksum":null}}]},{"@type":"dcat:Distribution","format":"csv","downloadURL":"https:\/\/datos.cadiz.es\/sites\/default\/files\/uploaded_resources\/exenciones-ibi-agregadas-por-motivo-v1.0.0.csv","%Ref:downloadURL":[{"identifier":"8e68bafe6d109b67406e38974cf4d7d7__1667565537__source","data":{"filePath":"https:\/\/h-o.st\/sites\/default\/files\/uploaded_resources\/exenciones-ibi-agregadas-por-motivo-v1.0.0.csv","identifier":"8e68bafe6d109b67406e38974cf4d7d7","mimeType":"text\/csv","perspective":"source","version":"1667565537","checksum":null}}]}],"%Ref:theme":[{"identifier":"3d7cc48a-eb59-5b96-a8c4-c431d9d81a78","data":"Sector P\u00fablico"}],"%Ref:keyword":[{"identifier":"c91e938c-ef72-5fc7-8ba7-695bdc59c939","data":"econom\u00eda"},{"identifier":"53edf88c-ba11-5f87-9794-cb14e4eb48aa","data":"2022"},{"identifier":"51156f18-e461-5fbe-a85c-4aa42be5338d","data":"IBI"}],"%Ref:publisher":{"identifier":"32a43a6b-f1e5-5991-ae51-e807b7d7c66e","data":{"@type":"org:Organization","name":"Ayuntamiento de C\u00e1diz"}},"%Ref:distribution":[{"identifier":"ef5cc3b1-db25-5460-9eb4-43578a0202d8","data":{"@type":"dcat:Distribution","format":"xlsx","downloadURL":"https:\/\/datos.cadiz.es\/sites\/default\/files\/uploaded_resources\/exenciones-ibi-agregadas-por-motivo-v1.0.0.xlsx","%Ref:downloadURL":[{"identifier":"890a1d44c9044267f1583d705346b7cc__1667565537__source","data":{"filePath":"https:\/\/h-o.st\/sites\/default\/files\/uploaded_resources\/exenciones-ibi-agregadas-por-motivo-v1.0.0.xlsx","identifier":"890a1d44c9044267f1583d705346b7cc","mimeType":"application\/vnd.openxmlformats-officedocument.spreadsheetml.sheet","perspective":"source","version":"1667565537","checksum":null}}]}},{"identifier":"20d2477f-8b90-5063-b707-5b03734355fe","data":{"@type":"dcat:Distribution","format":"csv","downloadURL":"https:\/\/datos.cadiz.es\/sites\/default\/files\/uploaded_resources\/exenciones-ibi-agregadas-por-motivo-v1.0.0.csv","%Ref:downloadURL":[{"identifier":"8e68bafe6d109b67406e38974cf4d7d7__1667565537__source","data":{"filePath":"https:\/\/h-o.st\/sites\/default\/files\/uploaded_resources\/exenciones-ibi-agregadas-por-motivo-v1.0.0.csv","identifier":"8e68bafe6d109b67406e38974cf4d7d7","mimeType":"text\/csv","perspective":"source","version":"1667565537","checksum":null}}]}}],"%modified":"2022-11-04T13:38:56+0100"},"dkan_dataset\/1079f2ae-9bdb-47f6-ad4f-627f270bbc1d":{"@type":"dcat:Dataset","title":"Nacionalidades de la poblaci\u00f3n extranjera en 2018","identifier":"1079f2ae-9bdb-47f6-ad4f-627f270bbc1d","description":"Nacionalidades de la poblaci\u00f3n extranjera de la ciudad de C\u00e1diz en 2018.","accessLevel":"public","accrualPeriodicity":"R\/P1Y","issued":"2022-06-29T09:30:00+00:00","modified":"2022-06-29T09:30:00+00:00","license":"https:\/\/creativecommons.org\/licenses\/by\/4.0\/","publisher":{"@type":"org:Organization","name":"Ayuntamiento de C\u00e1diz"},"contactPoint":{"fn":"Ayuntamiento de C\u00e1diz","hasEmail":"atencion.ciudadano@cadiz.es"},"theme":["Demograf\u00eda"],"keyword":["poblaci\u00f3n extranjera","2018","poblaci\u00f3n"],"distribution":[{"@type":"dcat:Distribution","format":"csv","downloadURL":"https:\/\/datos.cadiz.es\/sites\/default\/files\/uploaded_resources\/poblacion-extranjera-nacionalidades-2018-v1.0.0.csv","%Ref:downloadURL":[{"identifier":"f8bbb221ba28d369aeb5ae2694b9cb62__1656352104__source","data":{"filePath":"https:\/\/h-o.st\/sites\/default\/files\/uploaded_resources\/poblacion-extranjera-nacionalidades-2018-v1.0.0.csv","identifier":"f8bbb221ba28d369aeb5ae2694b9cb62","mimeType":"text\/csv","perspective":"source","version":"1656352104","checksum":null}}]},{"@type":"dcat:Distribution","format":"xlsx","downloadURL":"https:\/\/datos.cadiz.es\/sites\/default\/files\/uploaded_resources\/poblacion-extranjera-nacionalidades-2018-v1.0.0.xlsx","%Ref:downloadURL":[{"identifier":"9852595357fe3f8d035852acb54b2ff2__1656352104__source","data":{"filePath":"https:\/\/h-o.st\/sites\/default\/files\/uploaded_resources\/poblacion-extranjera-nacionalidades-2018-v1.0.0.xlsx","identifier":"9852595357fe3f8d035852acb54b2ff2","mimeType":"application\/vnd.openxmlformats-officedocument.spreadsheetml.sheet","perspective":"source","version":"1656352104","checksum":null}}]}],"%Ref:theme":[{"identifier":"43fd696e-a77e-5b81-b395-cd31db5d3903","data":"Demograf\u00eda"}],"%Ref:keyword":[{"identifier":"a310edb6-40d3-532f-8994-04ed5c39bbd2","data":"poblaci\u00f3n extranjera"},{"identifier":"84dbcaf9-e303-5091-bc41-db1d8a56b15e","data":"2018"},{"identifier":"76597a20-f8ee-57f0-85b8-3679e6a8faf2","data":"poblaci\u00f3n"}],"%Ref:publisher":{"identifier":"32a43a6b-f1e5-5991-ae51-e807b7d7c66e","data":{"@type":"org:Organization","name":"Ayuntamiento de C\u00e1diz"}},"%Ref:distribution":[{"identifier":"a6e7be6a-961c-5182-ad08-9dc17d2a1916","data":{"@type":"dcat:Distribution","format":"csv","downloadURL":"https:\/\/datos.cadiz.es\/sites\/default\/files\/uploaded_resources\/poblacion-extranjera-nacionalidades-2018-v1.0.0.csv","%Ref:downloadURL":[{"identifier":"f8bbb221ba28d369aeb5ae2694b9cb62__1656352104__source","data":{"filePath":"https:\/\/h-o.st\/sites\/default\/files\/uploaded_resources\/poblacion-extranjera-nacionalidades-2018-v1.0.0.csv","identifier":"f8bbb221ba28d369aeb5ae2694b9cb62","mimeType":"text\/csv","perspective":"source","version":"1656352104","checksum":null}}]}},{"identifier":"281a93fd-28f4-5e9a-80d4-b3e027389c08","data":{"@type":"dcat:Distribution","format":"xlsx","downloadURL":"https:\/\/datos.cadiz.es\/sites\/default\/files\/uploaded_resources\/poblacion-extranjera-nacionalidades-2018-v1.0.0.xlsx","%Ref:downloadURL":[{"identifier":"9852595357fe3f8d035852acb54b2ff2__1656352104__source","data":{"filePath":"https:\/\/h-o.st\/sites\/default\/files\/uploaded_resources\/poblacion-extranjera-nacionalidades-2018-v1.0.0.xlsx","identifier":"9852595357fe3f8d035852acb54b2ff2","mimeType":"application\/vnd.openxmlformats-officedocument.spreadsheetml.sheet","perspective":"source","version":"1656352104","checksum":null}}]}}],"%modified":"2022-06-27T19:48:24+0200"},"dkan_dataset\/1db0fb98-6ca4-4f01-8a26-9449922816a7":{"@type":"dcat:Dataset","title":"Atenciones anuales violencia de g\u00e9nero por nivel de estudios","identifier":"1db0fb98-6ca4-4f01-8a26-9449922816a7","description":"Evoluci\u00f3n anual de atenciones por violencia de g\u00e9nero por nivel de estudios realizadas por el equipo multidisciplinar de FMM.","accessLevel":"public","accrualPeriodicity":"R\/P1Y","issued":"2022-07-01T09:30:00+00:00","modified":"2022-07-01T09:35:00+00:00","license":"https:\/\/creativecommons.org\/licenses\/by\/4.0\/","publisher":{"@type":"org:Organization","name":"Fundaci\u00f3n Municipal de la Mujer"},"contactPoint":{"fn":"Fundaci\u00f3n Municipal de la Mujer","hasEmail":"fundacion.mujer@cadiz.es"},"theme":["Sociedad y bienestar"],"keyword":["violencia de g\u00e9nero","mujer"],"distribution":[{"@type":"dcat:Distribution","format":"csv","downloadURL":"https:\/\/datos.cadiz.es\/sites\/default\/files\/uploaded_resources\/atenciones-anuales-violencia-genero-nivel-estudios-v1.0.0.csv","%Ref:downloadURL":[{"identifier":"d1121255b840769e6295fcf13d971d1d__1663927601__source","data":{"filePath":"https:\/\/h-o.st\/sites\/default\/files\/uploaded_resources\/atenciones-anuales-violencia-genero-nivel-estudios-v1.0.0.csv","identifier":"d1121255b840769e6295fcf13d971d1d","mimeType":"text\/csv","perspective":"source","version":"1663927601","checksum":null}}]},{"@type":"dcat:Distribution","format":"xlsx","downloadURL":"https:\/\/datos.cadiz.es\/sites\/default\/files\/uploaded_resources\/atenciones-anuales-violencia-genero-nivel-estudios-v1.0.0.xlsx","%Ref:downloadURL":[{"identifier":"40cc8eeeb8b3ce1fa827c2116997ce9d__1663927601__source","data":{"filePath":"https:\/\/h-o.st\/sites\/default\/files\/uploaded_resources\/atenciones-anuales-violencia-genero-nivel-estudios-v1.0.0.xlsx","identifier":"40cc8eeeb8b3ce1fa827c2116997ce9d","mimeType":"application\/vnd.openxmlformats-officedocument.spreadsheetml.sheet","perspective":"source","version":"1663927601","checksum":null}}]}],"%Ref:theme":[{"identifier":"1354a32d-aad9-556b-a84b-5ae45aa86f04","data":"Sociedad y bienestar"}],"%Ref:keyword":[{"identifier":"255b7064-699b-5664-a137-fc9dcd180543","data":"violencia de g\u00e9nero"},{"identifier":"23c107c5-7f95-571e-9eff-1b5cb07c3e07","data":"mujer"}],"%Ref:publisher":{"identifier":"b5e6e330-8d27-5055-b3eb-7b68fab1a6c5","data":{"@type":"org:Organization","name":"Fundaci\u00f3n Municipal de la Mujer"}},"%Ref:distribution":[{"identifier":"f31d62a5-191d-56ad-b51b-c99f37a1d5f9","data":{"@type":"dcat:Distribution","format":"csv","downloadURL":"https:\/\/datos.cadiz.es\/sites\/default\/files\/uploaded_resources\/atenciones-anuales-violencia-genero-nivel-estudios-v1.0.0.csv","%Ref:downloadURL":[{"identifier":"d1121255b840769e6295fcf13d971d1d__1663927601__source","data":{"filePath":"https:\/\/h-o.st\/sites\/default\/files\/uploaded_resources\/atenciones-anuales-violencia-genero-nivel-estudios-v1.0.0.csv","identifier":"d1121255b840769e6295fcf13d971d1d","mimeType":"text\/csv","perspective":"source","version":"1663927601","checksum":null}}]}},{"identifier":"8aa78c2b-cfcc-527f-be07-a56e6825ebba","data":{"@type":"dcat:Distribution","format":"xlsx","downloadURL":"https:\/\/datos.cadiz.es\/sites\/default\/files\/uploaded_resources\/atenciones-anuales-violencia-genero-nivel-estudios-v1.0.0.xlsx","%Ref:downloadURL":[{"identifier":"40cc8eeeb8b3ce1fa827c2116997ce9d__1663927601__source","data":{"filePath":"https:\/\/h-o.st\/sites\/default\/files\/uploaded_resources\/atenciones-anuales-violencia-genero-nivel-estudios-v1.0.0.xlsx","identifier":"40cc8eeeb8b3ce1fa827c2116997ce9d","mimeType":"application\/vnd.openxmlformats-officedocument.spreadsheetml.sheet","perspective":"source","version":"1663927601","checksum":null}}]}}],"%modified":"2022-09-23T12:06:40+0200"},"dkan_dataset\/1e1265c5-34b3-4fcf-bdc4-5f71671c8f49":{"@type":"dcat:Dataset","title":"Evoluci\u00f3n de la poblaci\u00f3n por Nivel de estudios","identifier":"1e1265c5-34b3-4fcf-bdc4-5f71671c8f49","description":"Evoluci\u00f3n del nivel de estudios en la ciudad de C\u00e1diz de 2020 a 2023.","accessLevel":"public","accrualPeriodicity":"R\/P1Y","issued":"2022-06-29T09:30:00+00:00","modified":"2022-06-29T09:30:01+00:00","license":"https:\/\/creativecommons.org\/licenses\/by\/4.0\/","publisher":{"@type":"org:Organization","name":"Ayuntamiento de C\u00e1diz"},"contactPoint":{"fn":"Ayuntamiento de C\u00e1diz","hasEmail":"mailto:encion.ciudadano@cadiz.es"},"theme":["Demograf\u00eda"],"keyword":["educaci\u00f3n p\u00fablica","2020","2021","2022","2023"],"distribution":[{"@type":"dcat:Distribution","format":"csv","downloadURL":"https:\/\/datos.cadiz.es\/sites\/default\/files\/uploaded_resources\/evolucion-poblacion-nivel-de-estudios-v2.0.0.csv","%Ref:downloadURL":[{"identifier":"ca280d45376c5d5bbddef128ff58d53f__1716979291__source","data":{"filePath":"https:\/\/h-o.st\/sites\/default\/files\/uploaded_resources\/evolucion-poblacion-nivel-de-estudios-v2.0.0.csv","identifier":"ca280d45376c5d5bbddef128ff58d53f","mimeType":"text\/csv","perspective":"source","version":"1716979291","checksum":null}}]},{"@type":"dcat:Distribution","format":"xlsx","downloadURL":"https:\/\/datos.cadiz.es\/sites\/default\/files\/uploaded_resources\/evolucion-poblacion-nivel-de-estudios-v2.0.0.xlsx","%Ref:downloadURL":[{"identifier":"cd5e6041e8f7b739de5867435a141c0c__1716979291__source","data":{"filePath":"https:\/\/h-o.st\/sites\/default\/files\/uploaded_resources\/evolucion-poblacion-nivel-de-estudios-v2.0.0.xlsx","identifier":"cd5e6041e8f7b739de5867435a141c0c","mimeType":"application\/vnd.openxmlformats-officedocument.spreadsheetml.sheet","perspective":"source","version":"1716979291","checksum":null}}]}],"%Ref:theme":[{"identifier":"43fd696e-a77e-5b81-b395-cd31db5d3903","data":"Demograf\u00eda"}],"%Ref:keyword":[{"identifier":"e8910fec-ab9c-5271-be5e-bbac9e637521","data":"educaci\u00f3n p\u00fablica"},{"identifier":"299719dd-3e81-510f-a4ca-1d48bfb5f412","data":"2020"},{"identifier":"d15f292d-9e85-5beb-93fb-8a0cb73798f2","data":"2021"},{"identifier":"53edf88c-ba11-5f87-9794-cb14e4eb48aa","data":"2022"},{"identifier":"9409f61b-252f-5359-ac36-8d6684df11fb","data":"2023"}],"%Ref:publisher":{"identifier":"32a43a6b-f1e5-5991-ae51-e807b7d7c66e","data":{"@type":"org:Organization","name":"Ayuntamiento de C\u00e1diz"}},"%Ref:distribution":[{"identifier":"1ca07435-569f-5405-b914-1ea1bc7ceb89","data":{"@type":"dcat:Distribution","format":"csv","downloadURL":"https:\/\/datos.cadiz.es\/sites\/default\/files\/uploaded_resources\/evolucion-poblacion-nivel-de-estudios-v2.0.0.csv","%Ref:downloadURL":[{"identifier":"ca280d45376c5d5bbddef128ff58d53f__1716979291__source","data":{"filePath":"https:\/\/h-o.st\/sites\/default\/files\/uploaded_resources\/evolucion-poblacion-nivel-de-estudios-v2.0.0.csv","identifier":"ca280d45376c5d5bbddef128ff58d53f","mimeType":"text\/csv","perspective":"source","version":"1716979291","checksum":null}}]}},{"identifier":"efe2ba8c-f626-5d10-a693-71143127c82b","data":{"@type":"dcat:Distribution","format":"xlsx","downloadURL":"https:\/\/datos.cadiz.es\/sites\/default\/files\/uploaded_resources\/evolucion-poblacion-nivel-de-estudios-v2.0.0.xlsx","%Ref:downloadURL":[{"identifier":"cd5e6041e8f7b739de5867435a141c0c__1716979291__source","data":{"filePath":"https:\/\/h-o.st\/sites\/default\/files\/uploaded_resources\/evolucion-poblacion-nivel-de-estudios-v2.0.0.xlsx","identifier":"cd5e6041e8f7b739de5867435a141c0c","mimeType":"application\/vnd.openxmlformats-officedocument.spreadsheetml.sheet","perspective":"source","version":"1716979291","checksum":null}}]}}],"%modified":"2024-05-29T12:41:30+0200"},"dkan_dataset\/1e156b7f-3ea6-40b5-ad83-4346df031d2f":{"@type":"dcat:Dataset","title":"Densidad de poblaci\u00f3n de distritos censales en 2021","identifier":"1e156b7f-3ea6-40b5-ad83-4346df031d2f","description":"Densidad de poblaci\u00f3n de distritos censales en 2021 en la ciudad de C\u00e1diz.","accessLevel":"public","accrualPeriodicity":"R\/P1Y","issued":"2022-06-29T09:30:00+00:00","modified":"2022-06-29T09:30:00+00:00","license":"https:\/\/creativecommons.org\/licenses\/by\/4.0\/","publisher":{"@type":"org:Organization","name":"Ayuntamiento de C\u00e1diz"},"contactPoint":{"fn":"Ayuntamiento de C\u00e1diz","hasEmail":"atencion.ciudadano@cadiz.es"},"theme":["Demograf\u00eda"],"keyword":["2021","poblaci\u00f3n"],"distribution":[{"@type":"dcat:Distribution","format":"csv","downloadURL":"https:\/\/datos.cadiz.es\/sites\/default\/files\/uploaded_resources\/distritos-censales-densidad-poblacion-2021-v1.0.0.csv","%Ref:downloadURL":[{"identifier":"1fc9584de203cdb8db1690e2457ecfa6__1656400737__source","data":{"filePath":"https:\/\/h-o.st\/sites\/default\/files\/uploaded_resources\/distritos-censales-densidad-poblacion-2021-v1.0.0.csv","identifier":"1fc9584de203cdb8db1690e2457ecfa6","mimeType":"text\/csv","perspective":"source","version":"1656400737","checksum":null}}]},{"@type":"dcat:Distribution","format":"xlsx","downloadURL":"https:\/\/datos.cadiz.es\/sites\/default\/files\/uploaded_resources\/distritos-censales-densidad-poblacion-2021-v1.0.0.xlsx","%Ref:downloadURL":[{"identifier":"ee812b7095183cb73b624703d94735fd__1656400737__source","data":{"filePath":"https:\/\/h-o.st\/sites\/default\/files\/uploaded_resources\/distritos-censales-densidad-poblacion-2021-v1.0.0.xlsx","identifier":"ee812b7095183cb73b624703d94735fd","mimeType":"application\/vnd.openxmlformats-officedocument.spreadsheetml.sheet","perspective":"source","version":"1656400737","checksum":null}}]}],"%Ref:theme":[{"identifier":"43fd696e-a77e-5b81-b395-cd31db5d3903","data":"Demograf\u00eda"}],"%Ref:keyword":[{"identifier":"d15f292d-9e85-5beb-93fb-8a0cb73798f2","data":"2021"},{"identifier":"76597a20-f8ee-57f0-85b8-3679e6a8faf2","data":"poblaci\u00f3n"}],"%Ref:publisher":{"identifier":"32a43a6b-f1e5-5991-ae51-e807b7d7c66e","data":{"@type":"org:Organization","name":"Ayuntamiento de C\u00e1diz"}},"%Ref:distribution":[{"identifier":"ad2702a5-64e4-57ea-9f2d-e3bc3b501d49","data":{"@type":"dcat:Distribution","format":"csv","downloadURL":"https:\/\/datos.cadiz.es\/sites\/default\/files\/uploaded_resources\/distritos-censales-densidad-poblacion-2021-v1.0.0.csv","%Ref:downloadURL":[{"identifier":"1fc9584de203cdb8db1690e2457ecfa6__1656400737__source","data":{"filePath":"https:\/\/h-o.st\/sites\/default\/files\/uploaded_resources\/distritos-censales-densidad-poblacion-2021-v1.0.0.csv","identifier":"1fc9584de203cdb8db1690e2457ecfa6","mimeType":"text\/csv","perspective":"source","version":"1656400737","checksum":null}}]}},{"identifier":"0acbc511-113b-57a5-b665-f5e03e18818a","data":{"@type":"dcat:Distribution","format":"xlsx","downloadURL":"https:\/\/datos.cadiz.es\/sites\/default\/files\/uploaded_resources\/distritos-censales-densidad-poblacion-2021-v1.0.0.xlsx","%Ref:downloadURL":[{"identifier":"ee812b7095183cb73b624703d94735fd__1656400737__source","data":{"filePath":"https:\/\/h-o.st\/sites\/default\/files\/uploaded_resources\/distritos-censales-densidad-poblacion-2021-v1.0.0.xlsx","identifier":"ee812b7095183cb73b624703d94735fd","mimeType":"application\/vnd.openxmlformats-officedocument.spreadsheetml.sheet","perspective":"source","version":"1656400737","checksum":null}}]}}],"%modified":"2022-06-28T09:18:56+0200"},"dkan_dataset\/202014c5-4f8a-434f-bbd5-326c3f757d9e":{"@type":"dcat:Dataset","title":"Nacionalidades de la poblaci\u00f3n extranjera en 2016","identifier":"202014c5-4f8a-434f-bbd5-326c3f757d9e","description":"Nacionalidades de la poblaci\u00f3n extranjera de la ciudad de C\u00e1diz en 2016.","accessLevel":"public","accrualPeriodicity":"R\/P1Y","issued":"2022-06-29T09:30:00+00:00","modified":"2022-06-29T09:30:00+00:00","license":"https:\/\/creativecommons.org\/licenses\/by\/4.0\/","publisher":{"@type":"org:Organization","name":"Ayuntamiento de C\u00e1diz"},"contactPoint":{"fn":"Ayuntamiento de C\u00e1diz","hasEmail":"atencion.ciudadano@cadiz.es"},"theme":["Demograf\u00eda"],"keyword":["poblaci\u00f3n extranjera","poblaci\u00f3n","2016"],"distribution":[{"@type":"dcat:Distribution","format":"csv","downloadURL":"https:\/\/datos.cadiz.es\/sites\/default\/files\/uploaded_resources\/poblacion-extranjera-nacionalidades-2016-v1.0.0.csv","%Ref:downloadURL":[{"identifier":"15a78c7da30e4289a4de16c3c74752a2__1656351698__source","data":{"filePath":"https:\/\/h-o.st\/sites\/default\/files\/uploaded_resources\/poblacion-extranjera-nacionalidades-2016-v1.0.0.csv","identifier":"15a78c7da30e4289a4de16c3c74752a2","mimeType":"text\/csv","perspective":"source","version":"1656351698","checksum":null}}]},{"@type":"dcat:Distribution","format":"xlsx","downloadURL":"https:\/\/datos.cadiz.es\/sites\/default\/files\/uploaded_resources\/poblacion-extranjera-nacionalidades-2016-v1.0.0.xlsx","%Ref:downloadURL":[{"identifier":"a54830abff20892263f15b31fbf63967__1656351698__source","data":{"filePath":"https:\/\/h-o.st\/sites\/default\/files\/uploaded_resources\/poblacion-extranjera-nacionalidades-2016-v1.0.0.xlsx","identifier":"a54830abff20892263f15b31fbf63967","mimeType":"application\/vnd.openxmlformats-officedocument.spreadsheetml.sheet","perspective":"source","version":"1656351698","checksum":null}}]}],"%Ref:theme":[{"identifier":"43fd696e-a77e-5b81-b395-cd31db5d3903","data":"Demograf\u00eda"}],"%Ref:keyword":[{"identifier":"a310edb6-40d3-532f-8994-04ed5c39bbd2","data":"poblaci\u00f3n extranjera"},{"identifier":"76597a20-f8ee-57f0-85b8-3679e6a8faf2","data":"poblaci\u00f3n"},{"identifier":"32d2714c-b02a-5840-935e-af9247543dbc","data":"2016"}],"%Ref:publisher":{"identifier":"32a43a6b-f1e5-5991-ae51-e807b7d7c66e","data":{"@type":"org:Organization","name":"Ayuntamiento de C\u00e1diz"}},"%Ref:distribution":[{"identifier":"6270862a-053b-5f09-91c0-56889639c310","data":{"@type":"dcat:Distribution","format":"csv","downloadURL":"https:\/\/datos.cadiz.es\/sites\/default\/files\/uploaded_resources\/poblacion-extranjera-nacionalidades-2016-v1.0.0.csv","%Ref:downloadURL":[{"identifier":"15a78c7da30e4289a4de16c3c74752a2__1656351698__source","data":{"filePath":"https:\/\/h-o.st\/sites\/default\/files\/uploaded_resources\/poblacion-extranjera-nacionalidades-2016-v1.0.0.csv","identifier":"15a78c7da30e4289a4de16c3c74752a2","mimeType":"text\/csv","perspective":"source","version":"1656351698","checksum":null}}]}},{"identifier":"f3d9e52f-e410-536a-b528-b2099781f0d3","data":{"@type":"dcat:Distribution","format":"xlsx","downloadURL":"https:\/\/datos.cadiz.es\/sites\/default\/files\/uploaded_resources\/poblacion-extranjera-nacionalidades-2016-v1.0.0.xlsx","%Ref:downloadURL":[{"identifier":"a54830abff20892263f15b31fbf63967__1656351698__source","data":{"filePath":"https:\/\/h-o.st\/sites\/default\/files\/uploaded_resources\/poblacion-extranjera-nacionalidades-2016-v1.0.0.xlsx","identifier":"a54830abff20892263f15b31fbf63967","mimeType":"application\/vnd.openxmlformats-officedocument.spreadsheetml.sheet","perspective":"source","version":"1656351698","checksum":null}}]}}],"%modified":"2022-06-27T19:41:38+0200"},"dkan_dataset\/2848b62e-62bc-4fe4-ad60-b6d17d0819ba":{"@type":"dcat:Dataset","title":"Reclamaciones de transparencia ante CTPDA","identifier":"2848b62e-62bc-4fe4-ad60-b6d17d0819ba","description":"Fecha de entrada, n\u00famero de expediente y estado.","accessLevel":"public","accrualPeriodicity":"R\/P1M","issued":"2022-08-12T11:45:00+00:00","modified":"2022-08-12T11:45:00+00:00","license":"https:\/\/creativecommons.org\/licenses\/by\/4.0\/","publisher":{"@type":"org:Organization","name":"Ayuntamiento de C\u00e1diz"},"contactPoint":{"fn":"Ayuntamiento de C\u00e1diz","hasEmail":"atencion.ciudadano@cadiz.es"},"theme":["Sector P\u00fablico"],"keyword":["transparencia"],"distribution":[{"@type":"dcat:Distribution","format":"csv","downloadURL":"https:\/\/datos.cadiz.es\/sites\/default\/files\/uploaded_resources\/reclamaciones-ante-ctpda-transparencia-v1.0.0.csv","%Ref:downloadURL":[{"identifier":"1527c4cb7d6c6c4c0794f4915e0ee4f4__1660304694__source","data":{"filePath":"https:\/\/h-o.st\/sites\/default\/files\/uploaded_resources\/reclamaciones-ante-ctpda-transparencia-v1.0.0.csv","identifier":"1527c4cb7d6c6c4c0794f4915e0ee4f4","mimeType":"text\/csv","perspective":"source","version":"1660304694","checksum":null}}]},{"@type":"dcat:Distribution","format":"xlsx","downloadURL":"https:\/\/datos.cadiz.es\/sites\/default\/files\/uploaded_resources\/reclamaciones-ante-ctpda-transparencia-v1.0.0.xlsx","%Ref:downloadURL":[{"identifier":"ead31934e4ebb98778fccd797cb5544b__1660304694__source","data":{"filePath":"https:\/\/h-o.st\/sites\/default\/files\/uploaded_resources\/reclamaciones-ante-ctpda-transparencia-v1.0.0.xlsx","identifier":"ead31934e4ebb98778fccd797cb5544b","mimeType":"application\/vnd.openxmlformats-officedocument.spreadsheetml.sheet","perspective":"source","version":"1660304694","checksum":null}}]}],"%Ref:theme":[{"identifier":"3d7cc48a-eb59-5b96-a8c4-c431d9d81a78","data":"Sector P\u00fablico"}],"%Ref:keyword":[{"identifier":"7e53749c-bee8-524f-b2a8-8217adc69b4f","data":"transparencia"}],"%Ref:publisher":{"identifier":"32a43a6b-f1e5-5991-ae51-e807b7d7c66e","data":{"@type":"org:Organization","name":"Ayuntamiento de C\u00e1diz"}},"%Ref:distribution":[{"identifier":"8ee91918-3be4-5ecf-b91b-72b3792566db","data":{"@type":"dcat:Distribution","format":"csv","downloadURL":"https:\/\/datos.cadiz.es\/sites\/default\/files\/uploaded_resources\/reclamaciones-ante-ctpda-transparencia-v1.0.0.csv","%Ref:downloadURL":[{"identifier":"1527c4cb7d6c6c4c0794f4915e0ee4f4__1660304694__source","data":{"filePath":"https:\/\/h-o.st\/sites\/default\/files\/uploaded_resources\/reclamaciones-ante-ctpda-transparencia-v1.0.0.csv","identifier":"1527c4cb7d6c6c4c0794f4915e0ee4f4","mimeType":"text\/csv","perspective":"source","version":"1660304694","checksum":null}}]}},{"identifier":"e11b5d9d-b1c3-5aab-b3ef-04314d234086","data":{"@type":"dcat:Distribution","format":"xlsx","downloadURL":"https:\/\/datos.cadiz.es\/sites\/default\/files\/uploaded_resources\/reclamaciones-ante-ctpda-transparencia-v1.0.0.xlsx","%Ref:downloadURL":[{"identifier":"ead31934e4ebb98778fccd797cb5544b__1660304694__source","data":{"filePath":"https:\/\/h-o.st\/sites\/default\/files\/uploaded_resources\/reclamaciones-ante-ctpda-transparencia-v1.0.0.xlsx","identifier":"ead31934e4ebb98778fccd797cb5544b","mimeType":"application\/vnd.openxmlformats-officedocument.spreadsheetml.sheet","perspective":"source","version":"1660304694","checksum":null}}]}}],"%modified":"2022-08-12T13:44:53+0200"},"dkan_dataset\/2c6093c6-1610-465b-aec2-b648c9ed35af":{"@type":"dcat:Dataset","title":"Densidad de poblaci\u00f3n de distritos censales en 2018","identifier":"2c6093c6-1610-465b-aec2-b648c9ed35af","description":"Densidad de poblaci\u00f3n de distritos censales en 2018 en la ciudad de C\u00e1diz.","accessLevel":"public","accrualPeriodicity":"R\/P1Y","issued":"2022-06-29T09:30:00+00:00","modified":"2022-06-29T09:30:00+00:00","license":"https:\/\/creativecommons.org\/licenses\/by\/4.0\/","publisher":{"@type":"org:Organization","name":"Ayuntamiento de C\u00e1diz"},"contactPoint":{"fn":"Ayuntamiento de C\u00e1diz","hasEmail":"atencion.ciudadano@cadiz.es"},"theme":["Demograf\u00eda"],"keyword":["poblaci\u00f3n","distritos censales","2018"],"distribution":[{"@type":"dcat:Distribution","format":"csv","downloadURL":"https:\/\/datos.cadiz.es\/sites\/default\/files\/uploaded_resources\/distritos-censales-densidad-poblacion-2018-v1.0.0.csv","%Ref:downloadURL":[{"identifier":"bf3ec39bcac55500f38d06bb65824e20__1656350606__source","data":{"filePath":"https:\/\/h-o.st\/sites\/default\/files\/uploaded_resources\/distritos-censales-densidad-poblacion-2018-v1.0.0.csv","identifier":"bf3ec39bcac55500f38d06bb65824e20","mimeType":"text\/csv","perspective":"source","version":"1656350606","checksum":null}}]},{"@type":"dcat:Distribution","format":"xlsx","downloadURL":"https:\/\/datos.cadiz.es\/sites\/default\/files\/uploaded_resources\/distritos-censales-densidad-poblacion-2018-v1.0.0.xlsx","%Ref:downloadURL":[{"identifier":"10cc2ac0c34fb7934b090248b86979bd__1656350606__source","data":{"filePath":"https:\/\/h-o.st\/sites\/default\/files\/uploaded_resources\/distritos-censales-densidad-poblacion-2018-v1.0.0.xlsx","identifier":"10cc2ac0c34fb7934b090248b86979bd","mimeType":"application\/vnd.openxmlformats-officedocument.spreadsheetml.sheet","perspective":"source","version":"1656350606","checksum":null}}]}],"%Ref:theme":[{"identifier":"43fd696e-a77e-5b81-b395-cd31db5d3903","data":"Demograf\u00eda"}],"%Ref:keyword":[{"identifier":"76597a20-f8ee-57f0-85b8-3679e6a8faf2","data":"poblaci\u00f3n"},{"identifier":"18b33a73-e482-5ea3-877c-66eb781f0b8e","data":"distritos censales"},{"identifier":"84dbcaf9-e303-5091-bc41-db1d8a56b15e","data":"2018"}],"%Ref:publisher":{"identifier":"32a43a6b-f1e5-5991-ae51-e807b7d7c66e","data":{"@type":"org:Organization","name":"Ayuntamiento de C\u00e1diz"}},"%Ref:distribution":[{"identifier":"05c597dc-0219-57fa-b74b-2aab45f10da6","data":{"@type":"dcat:Distribution","format":"csv","downloadURL":"https:\/\/datos.cadiz.es\/sites\/default\/files\/uploaded_resources\/distritos-censales-densidad-poblacion-2018-v1.0.0.csv","%Ref:downloadURL":[{"identifier":"bf3ec39bcac55500f38d06bb65824e20__1656350606__source","data":{"filePath":"https:\/\/h-o.st\/sites\/default\/files\/uploaded_resources\/distritos-censales-densidad-poblacion-2018-v1.0.0.csv","identifier":"bf3ec39bcac55500f38d06bb65824e20","mimeType":"text\/csv","perspective":"source","version":"1656350606","checksum":null}}]}},{"identifier":"6ed57196-f490-5e6e-84e9-2eeabae6102c","data":{"@type":"dcat:Distribution","format":"xlsx","downloadURL":"https:\/\/datos.cadiz.es\/sites\/default\/files\/uploaded_resources\/distritos-censales-densidad-poblacion-2018-v1.0.0.xlsx","%Ref:downloadURL":[{"identifier":"10cc2ac0c34fb7934b090248b86979bd__1656350606__source","data":{"filePath":"https:\/\/h-o.st\/sites\/default\/files\/uploaded_resources\/distritos-censales-densidad-poblacion-2018-v1.0.0.xlsx","identifier":"10cc2ac0c34fb7934b090248b86979bd","mimeType":"application\/vnd.openxmlformats-officedocument.spreadsheetml.sheet","perspective":"source","version":"1656350606","checksum":null}}]}}],"%modified":"2022-06-27T19:23:26+0200"}},"facets":[{"type":"publisher__name","name":"Ayuntamiento de C\u00e1diz","total":"47"},{"type":"theme","name":"Demograf\u00eda","total":"23"},{"type":"keyword","name":"poblaci\u00f3n","total":"21"},{"type":"keyword","name":"2022","total":"14"},{"type":"theme","name":"Econom\u00eda","total":"14"},{"type":"theme","name":"Sector P\u00fablico","total":"14"},{"type":"keyword","name":"2021","total":"13"},{"type":"keyword","name":"2020","total":"12"},{"type":"theme","name":"Sociedad y bienestar","total":"11"},{"type":"keyword","name":"contrataci\u00f3n","total":"11"},{"type":"keyword","name":"2019","total":"8"},{"type":"publisher__name","name":"Fundaci\u00f3n Municipal de la Mujer","total":"8"},{"type":"keyword","name":"distritos censales","total":"8"},{"type":"keyword","name":"violencia de g\u00e9nero","total":"8"},{"type":"keyword","name":"mujer","total":"7"},{"type":"publisher__name","name":"Procasa","total":"6"},{"type":"keyword","name":"poblaci\u00f3n extranjera","total":"6"},{"type":"keyword","name":"2018","total":"5"},{"type":"theme","name":"Cultura","total":"5"},{"type":"keyword","name":"2023","total":"4"},{"type":"publisher__name","name":"Concejal\u00eda de Transici\u00f3n Energ\u00e9tica","total":"4"},{"type":"theme","name":"Educaci\u00f3n","total":"4"},{"type":"theme","name":"Energ\u00eda","total":"4"},{"type":"theme","name":"Urbanismo","total":"4"},{"type":"keyword","name":"equipamientos","total":"4"},{"type":"keyword","name":"2016","total":"3"},{"type":"keyword","name":"2017","total":"3"},{"type":"publisher__name","name":"Delegaci\u00f3n de Cultura","total":"3"},{"type":"publisher__name","name":"Delegaci\u00f3n de Ense\u00f1anza","total":"3"},{"type":"publisher__name","name":"Fundaci\u00f3n Municipal de Cultura","total":"3"},{"type":"keyword","name":"IBI","total":"3"},{"type":"keyword","name":"callejero","total":"3"},{"type":"keyword","name":"deuda","total":"3"},{"type":"keyword","name":"econom\u00eda","total":"3"},{"type":"keyword","name":"educaci\u00f3n p\u00fablica","total":"3"},{"type":"keyword","name":"energ\u00eda","total":"3"},{"type":"keyword","name":"patrimonio","total":"3"},{"type":"keyword","name":"retribuciones","total":"3"},{"type":"keyword","name":"2013","total":"2"},{"type":"publisher__name","name":"Delegaci\u00f3n de Memoria Democr\u00e1tica","total":"2"},{"type":"publisher__name","name":"Delegaci\u00f3n de Salud","total":"2"},{"type":"publisher__name","name":"Delegaci\u00f3n de Urbanismo","total":"2"},{"type":"theme","name":"Deporte","total":"2"},{"type":"publisher__name","name":"IMD","total":"2"},{"type":"theme","name":"Medio Ambiente","total":"2"},{"type":"theme","name":"Salud","total":"2"},{"type":"keyword","name":"carnaval","total":"2"},{"type":"keyword","name":"colegios","total":"2"},{"type":"keyword","name":"inmuebles","total":"2"},{"type":"keyword","name":"memoria democr\u00e1tica","total":"2"},{"type":"keyword","name":"personal","total":"2"},{"type":"keyword","name":"pmp","total":"2"},{"type":"keyword","name":"transparencia","total":"2"},{"type":"keyword","name":"2014","total":"1"},{"type":"keyword","name":"2015","total":"1"},{"type":"publisher__name","name":"Aguas de C\u00e1diz","total":"1"},{"type":"keyword","name":"C.D Ciudad de C\u00e1diz","total":"1"},{"type":"publisher__name","name":"Delegaci\u00f3n de Medio Ambiente","total":"1"},{"type":"keyword","name":"Instalaciones deportivas","total":"1"},{"type":"keyword","name":"achivo","total":"1"},{"type":"keyword","name":"actividades deportivas","total":"1"},{"type":"keyword","name":"agua","total":"1"},{"type":"keyword","name":"archivo","total":"1"},{"type":"keyword","name":"bienes muebles","total":"1"},{"type":"keyword","name":"consumo","total":"1"},{"type":"keyword","name":"derecho acceso informaci\u00f3n p\u00fablica","total":"1"},{"type":"keyword","name":"elecciones","total":"1"},{"type":"keyword","name":"escolarizacion","total":"1"},{"type":"keyword","name":"grupos pol\u00edticos","total":"1"},{"type":"keyword","name":"guerra civil","total":"1"},{"type":"keyword","name":"historia","total":"1"},{"type":"keyword","name":"investigacion","total":"1"},{"type":"keyword","name":"mantenimiento","total":"1"},{"type":"keyword","name":"obras","total":"1"},{"type":"keyword","name":"participaci\u00f3n","total":"1"},{"type":"keyword","name":"pleno","total":"1"},{"type":"keyword","name":"prensa","total":"1"},{"type":"keyword","name":"publicidad","total":"1"},{"type":"keyword","name":"represaliados","total":"1"},{"type":"keyword","name":"residuos","total":"1"},{"type":"keyword","name":"salud","total":"1"},{"type":"keyword","name":"suministros","total":"1"},{"type":"keyword","name":"vivienda","total":"1"}]}